 {"id":107,"date":"2011-09-16T15:40:54","date_gmt":"2011-09-16T15:40:54","guid":{"rendered":"http:\/\/192.168.1.45\/wordpress\/?page_id=107"},"modified":"2018-04-09T22:00:43","modified_gmt":"2018-04-09T20:00:43","slug":"selbstverstandnis","status":"publish","type":"page","link":"https:\/\/www.solidaridad-ev.org\/es\/selbstverstandnis\/","title":{"rendered":"Filosof\u00eda y principios"},"content":{"rendered":"<p><em>Solidaridad e.V.<\/em> es una asociaci\u00f3n fundada en febrero de 2006 a trav\u00e9s de la iniciativa de estudiantes motivados y con compromiso social en la ciudad de Halle.<\/p>\n<figure id=\"attachment_210\" aria-describedby=\"caption-attachment-210\" style=\"width: 240px\" class=\"wp-caption aligncenter\"><a href=\"https:\/\/www.solidaridad-ev.org\/wp-content\/uploads\/2011\/10\/CONVAR113.jpg\"><img loading=\"lazy\" decoding=\"async\" class=\"size-full wp-image-210\" src=\"https:\/\/www.solidaridad-ev.org\/wp-content\/uploads\/2011\/10\/CONVAR113.jpg\" alt=\"\" width=\"240\" height=\"175\" \/><\/a><figcaption id=\"caption-attachment-210\" class=\"wp-caption-text\">Bastelkreis in Zaraza<\/figcaption><\/figure>\n<h1>Filosof\u00eda y principios de la asociaci\u00f3n <em>solidaridad e.V.<\/em><\/h1>\n<p>Los integrantes de la asociaci\u00f3n consideran el derecho a la educaci\u00f3n como un derecho humano universal. El acceso gratuito a la educaci\u00f3n es un requisito para la participaci\u00f3n equitativa de todas las personas en la sociedad. Asimismo el aspecto educativo es de gran importancia para un desarrollo econ\u00f3mico autodeterminado.<\/p>\n<figure id=\"attachment_211\" aria-describedby=\"caption-attachment-211\" style=\"width: 240px\" class=\"wp-caption aligncenter\"><a href=\"https:\/\/www.solidaridad-ev.org\/wp-content\/uploads\/2011\/09\/CONVAR119.jpg\"><img loading=\"lazy\" decoding=\"async\" class=\"size-full wp-image-211\" src=\"https:\/\/www.solidaridad-ev.org\/wp-content\/uploads\/2011\/09\/CONVAR119.jpg\" alt=\"Harfe spielen in Zaraza\" width=\"240\" height=\"141\" \/><\/a><figcaption id=\"caption-attachment-211\" class=\"wp-caption-text\">Harfe spielen in Zaraza<\/figcaption><\/figure>\n<p>Ante los grandes avances tecnol\u00f3gicos y las interdependencias econ\u00f3micas que aumentan la exclusi\u00f3n educativa equivale a una exclusi\u00f3n de los avances tecnol\u00f3gicos y de la econom\u00eda. En muchas regiones del mundo no existe el acceso libre a una educaci\u00f3n de alta calidad. Esto se presenta sobre todo en una cantidad de pa\u00edses de escaso desarrollo.<\/p>\n<p>Es por esto que el objetivo de <em>solidaridad e.V.<\/em> es lograr incrementar la igualdad de oportunidades de las personas a trav\u00e9s de proyectos educacionales y lograr as\u00ed establecer las bases necesarias para la comprensi\u00f3n y la solidaridad.<\/p>\n<figure id=\"attachment_212\" aria-describedby=\"caption-attachment-212\" style=\"width: 240px\" class=\"wp-caption aligncenter\"><a href=\"https:\/\/www.solidaridad-ev.org\/wp-content\/uploads\/2011\/09\/Romeral-III-01.jpg\"><img loading=\"lazy\" decoding=\"async\" class=\"size-full wp-image-212\" src=\"https:\/\/www.solidaridad-ev.org\/wp-content\/uploads\/2011\/09\/Romeral-III-01.jpg\" alt=\"Stra\u00dfe in Romeral\" width=\"240\" height=\"143\" \/><\/a><figcaption id=\"caption-attachment-212\" class=\"wp-caption-text\">Stra\u00dfe in Romeral<\/figcaption><\/figure>\n<p>M\u00e1s all\u00e1 de todo eso queremos mantener a las personas aqu\u00ed en Alemania informadas sobre la situaci\u00f3n y los problemas de las regiones afectadas. La regi\u00f3n de enfoque de todas nuestras actividades es Latinoam\u00e9rica.<\/p>","protected":false},"excerpt":{"rendered":"<p>Solidaridad e.V. es una asociaci\u00f3n fundada en febrero de 2006 a trav\u00e9s de la iniciativa de estudiantes motivados y con compromiso social en la ciudad de Halle. Filosof\u00eda y principios de la asociaci\u00f3n solidaridad e.V. Los integrantes de la asociaci\u00f3n consideran el derecho a la educaci\u00f3n como un derecho humano universal. El acceso gratuito a &hellip; <a href=\"https:\/\/www.solidaridad-ev.org\/es\/selbstverstandnis\/\" class=\"more-link\">Continuar leyendo<span class=\"screen-reader-text\"> &#8220;Filosof\u00eda y principios&#8221;<\/span><\/a><\/p>\n","protected":false},"author":1,"featured_media":0,"parent":0,"menu_order":0,"comment_status":"closed","ping_status":"open","template":"","meta":{"footnotes":""},"class_list":["post-107","page","type-page","status-publish","hentry"],"_links":{"self":[{"href":"https:\/\/www.solidaridad-ev.org\/es\/wp-json\/wp\/v2\/pages\/107","targetHints":{"allow":["GET"]}}],"collection":[{"href":"https:\/\/www.solidaridad-ev.org\/es\/wp-json\/wp\/v2\/pages"}],"about":[{"href":"https:\/\/www.solidaridad-ev.org\/es\/wp-json\/wp\/v2\/types\/page"}],"author":[{"embeddable":true,"href":"https:\/\/www.solidaridad-ev.org\/es\/wp-json\/wp\/v2\/users\/1"}],"replies":[{"embeddable":true,"href":"https:\/\/www.solidaridad-ev.org\/es\/wp-json\/wp\/v2\/comments?post=107"}],"version-history":[{"count":15,"href":"https:\/\/www.solidaridad-ev.org\/es\/wp-json\/wp\/v2\/pages\/107\/revisions"}],"predecessor-version":[{"id":1369,"href":"https:\/\/www.solidaridad-ev.org\/es\/wp-json\/wp\/v2\/pages\/107\/revisions\/1369"}],"wp:attachment":[{"href":"https:\/\/www.solidaridad-ev.org\/es\/wp-json\/wp\/v2\/media?parent=107"}],"curies":[{"name":"wp","href":"https:\/\/api.w.org\/{rel}","templated":true}]}}